{"id":3,"date":"2022-06-07T06:58:55","date_gmt":"2022-06-07T06:58:55","guid":{"rendered":"https:\/\/sixbau.hu\/shop\/?page_id=3"},"modified":"2023-03-28T12:18:57","modified_gmt":"2023-03-28T12:18:57","slug":"adatkezelesi-tajekoztato","status":"publish","type":"page","link":"https:\/\/sixbau.hu\/shop\/adatkezelesi-tajekoztato\/","title":{"rendered":"Adatkezel\u00e9si t\u00e1j\u00e9koztat\u00f3"},"content":{"rendered":"<p>Adatv\u00e9delmi t\u00e1j\u00e9koztat\u00f3 a Szerelv\u00e9nybolt Kft www.sixbau.hu honlapj\u00e1n megval\u00f3sul\u00f3 szem\u00e9lyes adatkezel\u00e9sr\u0151l<\/p><p>1. A szab\u00e1lyzat c\u00e9lja:<\/p><p>A SZERELV\u00c9NYBOLT Kereskedelmi Kft. \/6000 Kecskem\u00e9t, Cegl\u00e9di \u00fat 38.\/ Tov\u00e1bbiakban: T\u00e1rsas\u00e1g\/Adatkezel\u0151 \/, mint adatkezel\u0151, az inform\u00e1ci\u00f3s \u00f6nrendelkez\u00e9si jogr\u00f3l \u00e9s inform\u00e1ci\u00f3szabads\u00e1gr\u00f3l sz\u00f3l\u00f3 2011. \u00e9vi CXII. t\u00f6rv\u00e9nyben \/ Info tv. \/ valamint az Eur\u00f3pai Parlament \u00e9s a Tan\u00e1cs 2016\/679 rendelet\u00e9ben (\u201eGDPR\u201d) foglaltaknak megfelel\u0151en v\u00e9gzi adatkezel\u00e9ssel kapcsolatos tev\u00e9kenys\u00e9g\u00e9t. A t\u00e1j\u00e9koztat\u00f3 c\u00e9lja, hogy a T\u00e1rsas\u00e1g www.sixbau.hu weboldal\u00e1t felkeres\u0151 l\u00e1togat\u00f3k, ill. regisztr\u00e1lt v\u00e1s\u00e1rl\u00f3k t\u00e1j\u00e9koztat\u00e1st kaphassanak a T\u00e1rsas\u00e1g \u00e1ltal kezelt adatokr\u00f3l, \u00e9s az adatkezel\u00e9ssel kapcsolatosan felmer\u00fclt egy\u00e9b tev\u00e9kenys\u00e9gr\u0151l. Jelen t\u00e1j\u00e9koztat\u00f3ban szerepl\u0151 fogalmak megegyeznek az EU 2016\/679 (\u201eGDPR\u201d) rendelet\u00e9ben meghat\u00e1rozott fogalmakkal.<\/p><p>2. Fogalmi meghat\u00e1roz\u00e1sok:<\/p><p>\u00b7 \u201eszem\u00e9lyes adat\u201d: azonos\u00edtott vagy azonos\u00edthat\u00f3 term\u00e9szetes szem\u00e9lyre (\u201e\u00e9rintett\u201d) vonatkoz\u00f3 b\u00e1rmely inform\u00e1ci\u00f3; azonos\u00edthat\u00f3 az a term\u00e9szetes szem\u00e9ly, aki k\u00f6zvetlen vagy k\u00f6zvetett m\u00f3don, k\u00fcl\u00f6n\u00f6sen valamely azonos\u00edt\u00f3, p\u00e9ld\u00e1ul n\u00e9v, sz\u00e1m, helymeghat\u00e1roz\u00f3 adat, online azonos\u00edt\u00f3 vagy a term\u00e9szetes szem\u00e9ly testi, fiziol\u00f3giai, genetikai, szellemi, gazdas\u00e1gi, kultur\u00e1lis vagy szoci\u00e1lis azonoss\u00e1g\u00e1ra vonatkoz\u00f3 egy vagy t\u00f6bb t\u00e9nyez\u0151 alapj\u00e1n azonos\u00edthat\u00f3<\/p><p>\u00b7 \u201eadatkezel\u00e9s\u201d: a szem\u00e9lyes adatokon vagy adat\u00e1llom\u00e1nyokon automatiz\u00e1lt vagy nem automatiz\u00e1lt m\u00f3don v\u00e9gzett b\u00e1rmely m\u0171velet vagy m\u0171veletek \u00f6sszess\u00e9ge, \u00edgy a gy\u0171jt\u00e9s, r\u00f6gz\u00edt\u00e9s, rendszerez\u00e9s, tagol\u00e1s, t\u00e1rol\u00e1s, \u00e1talak\u00edt\u00e1s vagy megv\u00e1ltoztat\u00e1s, lek\u00e9rdez\u00e9s, betekint\u00e9s, felhaszn\u00e1l\u00e1s, k\u00f6zl\u00e9s tov\u00e1bb\u00edt\u00e1s, terjeszt\u00e9s vagy egy\u00e9b m\u00f3don t\u00f6rt\u00e9n\u0151 hozz\u00e1f\u00e9rhet\u0151v\u00e9 t\u00e9tel \u00fatj\u00e1n, \u00f6sszehangol\u00e1s vagy \u00f6sszekapcsol\u00e1s, korl\u00e1toz\u00e1s, t\u00f6rl\u00e9s, illetve megsemmis\u00edt\u00e9s;<\/p><p>\u00b7 \u201eaz adatkezel\u00e9s korl\u00e1toz\u00e1sa\u201d: a t\u00e1rolt szem\u00e9lyes adatok megjel\u00f6l\u00e9se j\u00f6v\u0151beli kezel\u00e9s\u00fck korl\u00e1toz\u00e1sa c\u00e9lj\u00e1b\u00f3l<\/p><p>\u00b7 \u201eprofilalkot\u00e1s\u201d: szem\u00e9lyes adatok automatiz\u00e1lt kezel\u00e9s\u00e9nek b\u00e1rmely olyan form\u00e1ja, amelynek sor\u00e1n a szem\u00e9lyes adatokat valamely term\u00e9szetes szem\u00e9lyhez f\u0171z\u0151d\u0151 bizonyos szem\u00e9lyes jellemz\u0151k \u00e9rt\u00e9kel\u00e9s\u00e9re, k\u00fcl\u00f6n\u00f6sen a munkahelyi teljes\u00edtm\u00e9nyhez, gazdas\u00e1gi helyzethez, eg\u00e9szs\u00e9gi \u00e1llapothoz, szem\u00e9lyes preferenci\u00e1khoz, \u00e9rdekl\u0151d\u00e9shez, megb\u00edzhat\u00f3s\u00e1ghoz, viselked\u00e9shez, tart\u00f3zkod\u00e1si helyhez vagy mozg\u00e1shoz kapcsol\u00f3d\u00f3 jellemz\u0151k elemz\u00e9s\u00e9re vagy el\u0151jelz\u00e9sre haszn\u00e1lj\u00e1k<\/p><p>\u00b7 \u201e\u00e1lneves\u00edt\u00e9s\u201d: a szem\u00e9lyes adatok olyan m\u00f3don t\u00f6rt\u00e9n\u0151 kezel\u00e9se, amelynek k\u00f6vetkezt\u00e9ben tov\u00e1bbi inform\u00e1ci\u00f3k felhaszn\u00e1l\u00e1sa n\u00e9lk\u00fcl t\u00f6bb\u00e9 m\u00e1r nem \u00e1llap\u00edthat\u00f3 meg, hogy a szem\u00e9lyes adat mely konkr\u00e9t term\u00e9szetes szem\u00e9lyre vonatkozik, felt\u00e9ve, hogy az ilyen tov\u00e1bbi inform\u00e1ci\u00f3t k\u00fcl\u00f6n t\u00e1rolj\u00e1k, \u00e9s technikai \u00e9s szervez\u00e9si int\u00e9zked\u00e9sek megt\u00e9tel\u00e9vel biztos\u00edtott, hogy azonos\u00edtott vagy azonos\u00edthat\u00f3 term\u00e9szetes szem\u00e9lyekhez ezt a szem\u00e9lyes adatot nem lehet kapcsolni<\/p><p>\u00b7 \u201enyilv\u00e1ntart\u00e1si rendszer\u201d: a szem\u00e9lyes adatok b\u00e1rmely m\u00f3don \u2013 centraliz\u00e1lt, decentraliz\u00e1lt vagy funkcion\u00e1lis vagy f\u00f6ldrajzi szempontok szerint \u2013 tagolt \u00e1llom\u00e1nya, amely meghat\u00e1rozott ism\u00e9rvek alapj\u00e1n hozz\u00e1f\u00e9rhet\u0151;<\/p><p>\u00b7 \u201eadatkezel\u0151\u201d: az a term\u00e9szetes vagy jogi szem\u00e9ly, k\u00f6zhatalmi szerv, \u00fcgyn\u00f6ks\u00e9g vagy b\u00e1rmely egy\u00e9b szerv, amely a szem\u00e9lyes adatok kezel\u00e9s\u00e9nek c\u00e9ljait \u00e9s eszk\u00f6zeit \u00f6n\u00e1ll\u00f3an vagy m\u00e1sokkal egy\u00fctt meghat\u00e1rozza; ha az adatkezel\u00e9s c\u00e9ljait \u00e9s eszk\u00f6zeit az uni\u00f3s vagy a tag\u00e1llami jog hat\u00e1rozza meg, az adatkezel\u0151t vagy az adatkezel\u0151 kijel\u00f6l\u00e9s\u00e9re vonatkoz\u00f3 k\u00fcl\u00f6n\u00f6s szempontokat az uni\u00f3s vagy a tag\u00e1llami jog is meghat\u00e1rozhatja;<\/p><p>\u00b7 \u201eadatfeldolgoz\u00f3\u201d: az a term\u00e9szetes vagy jogi szem\u00e9ly, k\u00f6zhatalmi szerv, \u00fcgyn\u00f6ks\u00e9g vagy b\u00e1rmely egy\u00e9b szerv, amely az adatkezel\u0151 nev\u00e9ben szem\u00e9lyes adatokat kezel<\/p><p>\u00b7 \u201ec\u00edmzett\u201d: az a term\u00e9szetes vagy jogi szem\u00e9ly, k\u00f6zhatalmi szerv, \u00fcgyn\u00f6ks\u00e9g vagy b\u00e1rmely egy\u00e9b szerv, akivel vagy amellyel a szem\u00e9lyes adatot k\u00f6zlik, f\u00fcggetlen\u00fcl att\u00f3l, hogy harmadik f\u00e9l-e. Azon k\u00f6zhatalmi szervek, amelyek egy 2016.5.4. L 119\/33 Az Eur\u00f3pai Uni\u00f3 Hivatalos Lapja HU egyedi vizsg\u00e1lat keret\u00e9ben az uni\u00f3s vagy a tag\u00e1llami joggal \u00f6sszhangban f\u00e9rhetnek hozz\u00e1 szem\u00e9lyes adatokhoz, nem min\u0151s\u00fclnek c\u00edmzettnek; az eml\u00edtett adatok e k\u00f6zhatalmi szervek \u00e1ltali kezel\u00e9se meg kell, hogy feleljen az adatkezel\u00e9s c\u00e9ljainak megfelel\u0151en az alkalmazand\u00f3 adatv\u00e9delmi szab\u00e1lyoknak<\/p><p>\u00b7 \u201eharmadik f\u00e9l\u201d: az a term\u00e9szetes vagy jogi szem\u00e9ly, k\u00f6zhatalmi szerv, \u00fcgyn\u00f6ks\u00e9g vagy b\u00e1rmely egy\u00e9b szerv, amely nem azonos az \u00e9rintettel, az adatkezel\u0151vel, az adatfeldolgoz\u00f3val vagy azokkal a szem\u00e9lyekkel, akik az adatkezel\u0151 vagy adatfeldolgoz\u00f3 k\u00f6zvetlen ir\u00e1ny\u00edt\u00e1sa alatt a szem\u00e9lyes adatok kezel\u00e9s\u00e9re felhatalmaz\u00e1st kaptak<\/p><p>\u00b7 \u201eaz \u00e9rintett hozz\u00e1j\u00e1rul\u00e1sa\u201d: az \u00e9rintett akarat\u00e1nak \u00f6nk\u00e9ntes, konkr\u00e9t \u00e9s megfelel\u0151 t\u00e1j\u00e9koztat\u00e1son alapul\u00f3 \u00e9s egy\u00e9rtelm\u0171 kinyilv\u00e1n\u00edt\u00e1sa, amellyel az \u00e9rintett nyilatkozat vagy a meger\u0151s\u00edt\u00e9st f\u00e9lre\u00e9rthetetlen\u00fcl kifejez\u0151 cselekedet \u00fatj\u00e1n jelzi, hogy beleegyez\u00e9s\u00e9t adja az \u0151t \u00e9rint\u0151 szem\u00e9lyes adatok kezel\u00e9s\u00e9hez<\/p><p>\u00b7 \u201eadatv\u00e9delmi incidens\u201d: a biztons\u00e1g olyan s\u00e9r\u00fcl\u00e9se, amely a tov\u00e1bb\u00edtott, t\u00e1rolt vagy m\u00e1s m\u00f3don kezelt szem\u00e9lyes adatok v\u00e9letlen vagy jogellenes megsemmis\u00edt\u00e9s\u00e9t, elveszt\u00e9s\u00e9t, megv\u00e1ltoztat\u00e1s\u00e1t, jogosulatlan k\u00f6zl\u00e9s\u00e9t vagy az azokhoz val\u00f3 jogosulatlan hozz\u00e1f\u00e9r\u00e9st eredm\u00e9nyezi<\/p><p>\u00b7 \u201egenetikai adat\u201d: egy term\u00e9szetes szem\u00e9ly \u00f6r\u00f6k\u00f6lt vagy szerzett genetikai jellemz\u0151ire vonatkoz\u00f3 minden olyan szem\u00e9lyes adat, amely az adott szem\u00e9ly fiziol\u00f3gi\u00e1j\u00e1ra vagy eg\u00e9szs\u00e9gi \u00e1llapot\u00e1ra vonatkoz\u00f3 egyedi inform\u00e1ci\u00f3t hordoz, \u00e9s amely els\u0151sorban az eml\u00edtett term\u00e9szetes szem\u00e9lyb\u0151l vett biol\u00f3giai minta elemz\u00e9s\u00e9b\u0151l ered<\/p><p>\u00b7 \u201ebiometrikus adat\u201d: egy term\u00e9szetes szem\u00e9ly testi, fiziol\u00f3giai vagy viselked\u00e9si jellemz\u0151ire vonatkoz\u00f3 minden olyan saj\u00e1tos technikai elj\u00e1r\u00e1sokkal nyert szem\u00e9lyes adat, amely lehet\u0151v\u00e9 teszi vagy meger\u0151s\u00edti a term\u00e9szetes szem\u00e9ly egyedi azonos\u00edt\u00e1s\u00e1t, ilyen p\u00e9ld\u00e1ul az arck\u00e9p vagy a daktiloszk\u00f3piai adat<\/p><p>\u00b7 \u201eeg\u00e9szs\u00e9g\u00fcgyi adat\u201d: egy term\u00e9szetes szem\u00e9ly testi vagy pszichikai eg\u00e9szs\u00e9gi \u00e1llapot\u00e1ra vonatkoz\u00f3 szem\u00e9lyes adat, ide\u00e9rtve a term\u00e9szetes szem\u00e9ly sz\u00e1m\u00e1ra ny\u00fajtott eg\u00e9szs\u00e9g\u00fcgyi szolg\u00e1ltat\u00e1sokra vonatkoz\u00f3 olyan adatot is, amely inform\u00e1ci\u00f3t hordoz a term\u00e9szetes szem\u00e9ly eg\u00e9szs\u00e9gi \u00e1llapot\u00e1r\u00f3l<\/p><p>\u00b7 \u201etev\u00e9kenys\u00e9gi k\u00f6zpont\u201d:<\/p><p>&#8211; az egyn\u00e9l t\u00f6bb tag\u00e1llamban tev\u00e9kenys\u00e9gi hellyel rendelkez\u0151 adatkezel\u0151 eset\u00e9ben az Uni\u00f3n bel\u00fcli k\u00f6zponti \u00fcgyvitel\u00e9nek helye, ha azonban a szem\u00e9lyes adatok kezel\u00e9s\u00e9nek c\u00e9ljaira \u00e9s eszk\u00f6zeire vonatkoz\u00f3 d\u00f6nt\u00e9seket az adatkezel\u0151 egy Uni\u00f3n bel\u00fcli m\u00e1sik tev\u00e9kenys\u00e9gi hely\u00e9n hozz\u00e1k, \u00e9s az ut\u00f3bbi tev\u00e9kenys\u00e9gi hely rendelkezik hat\u00e1sk\u00f6rrel az eml\u00edtett d\u00f6nt\u00e9sek v\u00e9gre hajtat\u00e1s\u00e1ra, az eml\u00edtett d\u00f6nt\u00e9seket meghoz\u00f3 tev\u00e9kenys\u00e9gi helyet kell tev\u00e9kenys\u00e9gi k\u00f6zpontnak tekinteni;<\/p><p>&#8211; az egyn\u00e9l t\u00f6bb tag\u00e1llamban tev\u00e9kenys\u00e9gi hellyel rendelkez\u0151 adatfeldolgoz\u00f3 eset\u00e9ben az Uni\u00f3n bel\u00fcli k\u00f6zponti \u00fcgyvitel\u00e9nek helye, vagy ha az adatfeldolgoz\u00f3 az Uni\u00f3ban nem rendelkezik k\u00f6zponti \u00fcgyviteli hellyel, akkor az adatfeldolgoz\u00f3nak az az Uni\u00f3n bel\u00fcli tev\u00e9kenys\u00e9gi helye, ahol az adatfeldolgoz\u00f3 tev\u00e9kenys\u00e9gi hely\u00e9n folytatott tev\u00e9kenys\u00e9gekkel \u00f6sszef\u00fcgg\u00e9sben v\u00e9gzett f\u0151 adatkezel\u00e9si tev\u00e9kenys\u00e9gek zajlanak, amennyiben az adatfeldolgoz\u00f3ra e rendelet szerint meghat\u00e1rozott k\u00f6telezetts\u00e9gek vonatkoznak<\/p><p>\u00b7 \u201ek\u00e9pvisel\u0151\u201d: az az Uni\u00f3ban tev\u00e9kenys\u00e9gi hellyel, illetve lak\u00f3hellyel rendelkez\u0151 \u00e9s az adatkezel\u0151 vagy adatfeldolgoz\u00f3 \u00e1ltal a 27. cikk alapj\u00e1n \u00edr\u00e1sban megjel\u00f6lt term\u00e9szetes vagy jogi szem\u00e9ly, aki, illetve amely az adatkezel\u0151t vagy adatfeldolgoz\u00f3t k\u00e9pviseli az adatkezel\u0151re vagy adatfeldolgoz\u00f3ra az e rendelet \u00e9rtelm\u00e9ben h\u00e1rul\u00f3 k\u00f6telezetts\u00e9gek vonatkoz\u00e1s\u00e1ban<\/p><p>\u00b7 \u201ev\u00e1llalkoz\u00e1s\u201d: gazdas\u00e1gi tev\u00e9kenys\u00e9get folytat\u00f3 term\u00e9szetes vagy jogi szem\u00e9ly, f\u00fcggetlen\u00fcl a jogi form\u00e1j\u00e1t\u00f3l, ide\u00e9rtve a rendszeres gazdas\u00e1gi tev\u00e9kenys\u00e9get folytat\u00f3 szem\u00e9lyegyes\u00edt\u0151 t\u00e1rsas\u00e1gokat \u00e9s egyes\u00fcleteket is<\/p><p>\u00b7 \u201ev\u00e1llalkoz\u00e1scsoport\u201d: az ellen\u0151rz\u0151 v\u00e1llalkoz\u00e1s \u00e9s az \u00e1ltala ellen\u0151rz\u00f6tt v\u00e1llalkoz\u00e1sok<\/p><p>\u00b7 \u201ek\u00f6telez\u0151 erej\u0171 v\u00e1llalati szab\u00e1lyok\u201d: a szem\u00e9lyes adatok v\u00e9delm\u00e9re vonatkoz\u00f3 szab\u00e1lyzat, amelyet az Uni\u00f3 valamely tag\u00e1llam\u00e1nak ter\u00fclet\u00e9n tev\u00e9kenys\u00e9gi hellyel rendelkez\u0151 adatkezel\u0151 vagy adatfeldolgoz\u00f3 egy vagy t\u00f6bb harmadik orsz\u00e1gban a szem\u00e9lyes adatoknak az ugyanazon v\u00e1llalkoz\u00e1scsoporton vagy k\u00f6z\u00f6s gazdas\u00e1gi tev\u00e9kenys\u00e9get folytat\u00f3 v\u00e1llalkoz\u00e1sok ugyanazon csoportj\u00e1n bel\u00fcli adatkezel\u0151 vagy adatfeldolgoz\u00f3 r\u00e9sz\u00e9r\u0151l t\u00f6rt\u00e9n\u0151 tov\u00e1bb\u00edt\u00e1sa vagy ilyen tov\u00e1bb\u00edt\u00e1sok sorozata tekintet\u00e9ben k\u00f6vet<\/p><p>\u00b7 \u201efel\u00fcgyeleti hat\u00f3s\u00e1g\u201d: egy tag\u00e1llam \u00e1ltal az 51. cikknek megfelel\u0151en l\u00e9trehozott f\u00fcggetlen k\u00f6zhatalmi szerv<\/p><p>\u00b7 \u201e\u00e9rintett fel\u00fcgyeleti hat\u00f3s\u00e1g\u201d: az a fel\u00fcgyeleti hat\u00f3s\u00e1g, amelyet a szem\u00e9lyes adatok kezel\u00e9se a k\u00f6vetkez\u0151 okok valamelyike alapj\u00e1n \u00e9rint: a) az adatkezel\u0151 vagy az adatfeldolgoz\u00f3 az eml\u00edtett fel\u00fcgyeleti hat\u00f3s\u00e1g tag\u00e1llam\u00e1nak ter\u00fclet\u00e9n rendelkezik tev\u00e9kenys\u00e9gi hellyel; b) az adatkezel\u00e9s jelent\u0151s m\u00e9rt\u00e9kben \u00e9rinti vagy val\u00f3sz\u00edn\u0171s\u00edthet\u0151en jelent\u0151s m\u00e9rt\u00e9kben \u00e9rinti a fel\u00fcgyeleti hat\u00f3s\u00e1g tag\u00e1llam\u00e1ban lak\u00f3hellyel rendelkez\u0151 \u00e9rintetteket; vagy c) panaszt ny\u00fajtottak be az eml\u00edtett fel\u00fcgyeleti hat\u00f3s\u00e1ghoz<\/p><p>\u00b7 \u201eszem\u00e9lyes adatok hat\u00e1rokon \u00e1tny\u00fal\u00f3 adatkezel\u00e9se\u201d: a) szem\u00e9lyes adatoknak az Uni\u00f3ban megval\u00f3sul\u00f3 olyan kezel\u00e9se, amelyre az egyn\u00e9l t\u00f6bb tag\u00e1llamban tev\u00e9kenys\u00e9gi hellyel rendelkez\u0151 adatkezel\u0151 vagy adatfeldolgoz\u00f3 t\u00f6bb tag\u00e1llamban tal\u00e1lhat\u00f3 tev\u00e9kenys\u00e9gi helyein folytatott tev\u00e9kenys\u00e9gekkel \u00f6sszef\u00fcgg\u00e9sben ker\u00fcl sor; vagy b) szem\u00e9lyes adatoknak az Uni\u00f3ban megval\u00f3sul\u00f3 olyan kezel\u00e9se, amelyre az adatkezel\u0151 vagy az adatfeldolgoz\u00f3 egyetlen tev\u00e9kenys\u00e9gi hely\u00e9n folytatott tev\u00e9kenys\u00e9gekkel \u00f6sszef\u00fcgg\u00e9sben ker\u00fcl sor \u00fagy, hogy egyn\u00e9l t\u00f6bb tag\u00e1llamban jelent\u0151s m\u00e9rt\u00e9kben \u00e9rint vagy val\u00f3sz\u00edn\u0171s\u00edthet\u0151en jelent\u0151s m\u00e9rt\u00e9kben \u00e9rint \u00e9rintetteket<\/p><p>\u00b7 \u201erelev\u00e1ns \u00e9s megalapozott kifog\u00e1s\u201d: a d\u00f6nt\u00e9stervezettel szemben beny\u00fajtott, azzal kapcsolatos kifog\u00e1s, hogy ezt a rendeletet megs\u00e9rtett\u00e9k-e, illetve, hogy az adatkezel\u0151re vagy az adatfeldolgoz\u00f3ra vonatkoz\u00f3 tervezett int\u00e9zked\u00e9s \u00f6sszhangban van-e a rendelettel; a kifog\u00e1sban egy\u00e9rtelm\u0171en be kell mutatni a d\u00f6nt\u00e9stervezet \u00e1ltal az \u00e9rintettek alapvet\u0151 jogaira \u00e9s szabads\u00e1gaira, valamint adott esetben a szem\u00e9lyes adatok Uni\u00f3n bel\u00fcli szabad \u00e1raml\u00e1s\u00e1ra jelentett kock\u00e1zatok jelent\u0151s\u00e9g\u00e9t<\/p><p>\u00b7 \u201eaz inform\u00e1ci\u00f3s t\u00e1rsadalommal \u00f6sszef\u00fcgg\u0151 szolg\u00e1ltat\u00e1s\u201d: az (EU) 2015\/1535 eur\u00f3pai parlamenti \u00e9s tan\u00e1csi ir\u00e1nyelv (1) 1. cikke (1) bekezd\u00e9s\u00e9nek b) pontja \u00e9rtelm\u00e9ben vett szolg\u00e1ltat\u00e1s<\/p><p>\u00b7 \u201enemzetk\u00f6zi szervezet\u201d: a nemzetk\u00f6zi k\u00f6zjog hat\u00e1lya al\u00e1 tartoz\u00f3 szervezet vagy annak al\u00e1rendelt szervei, vagy olyan egy\u00e9b szerv, amelyet k\u00e9t vagy t\u00f6bb orsz\u00e1g k\u00f6z\u00f6tti meg\u00e1llapod\u00e1s hozott l\u00e9tre vagy amely ilyen meg\u00e1llapod\u00e1s alapj\u00e1n j\u00f6tt l\u00e9tre.<\/p><p>3. Alapelvek a szem\u00e9lyes adatok kezel\u00e9s\u00e9vel kapcsolatosan:<\/p><p>A T\u00e1rsas\u00e1gn\u00e1l a szem\u00e9lyes adatokat jogszer\u0171en \u00e9s tisztess\u00e9gesen, c\u00e9lhoz k\u00f6t\u00f6tten, adat takar\u00e9kosan, pontosan, korl\u00e1tozott t\u00e1rolhat\u00f3s\u00e1ggal, bizalmas jelleggel \u00e9s elsz\u00e1moltathat\u00f3, valamint az \u00e9rintett sz\u00e1m\u00e1ra \u00e1tl\u00e1that\u00f3 m\u00f3don kell kezelni.<\/p><p>A szem\u00e9lyes adatok:<\/p><p>\u00b7 gy\u0171jt\u00e9se csak meghat\u00e1rozott, egy\u00e9rtelm\u0171 \u00e9s jogszer\u0171 c\u00e9lb\u00f3l t\u00f6rt\u00e9nhet<\/p><p>\u00b7 kezel\u00e9se kiz\u00e1r\u00f3lag, ezen c\u00e9lokkal \u00f6sszeegyeztethet\u0151 m\u00f3don t\u00f6rt\u00e9nhet<\/p><p>\u00b7 megfelel\u0151ek \u00e9s relev\u00e1nsak kell, hogy legyenek<\/p><p>\u00b7 a sz\u00fcks\u00e9ges minimumra kell korl\u00e1toz\u00f3dniuk<\/p><p>\u00b7 pontosnak \u00e9s sz\u00fcks\u00e9g eset\u00e9n naprak\u00e9sznek kell lenni\u00fck<\/p><p>\u00b7 t\u00e1rol\u00e1s\u00e1nak olyan form\u00e1ban kell t\u00f6rt\u00e9nnie, amely az \u00e9rintettek azonos\u00edt\u00e1s\u00e1t csak a szem\u00e9lyes adatok kezel\u00e9se c\u00e9ljainak el\u00e9r\u00e9s\u00e9hez sz\u00fcks\u00e9ges ideig teszi lehet\u0151v\u00e9<\/p><p>\u00b7 kezel\u00e9se sor\u00e1n biztos\u00edtani kell az adatok megfelel\u0151 biztons\u00e1g\u00e1t, ide\u00e9rtve az adatok jogosulatlan vagy jogellenes kezel\u00e9s\u00e9t, v\u00e9letlen elveszt\u00e9s\u00e9t, megsemmis\u00edt\u00e9s\u00e9vel vagy k\u00e1rosod\u00e1s\u00e1val szembeni v\u00e9delmet<\/p><p>4. A web\u00e1ruh\u00e1z \u00fczemeltet\u00e9se sor\u00e1n megval\u00f3sul\u00f3 adatkezel\u00e9s:<\/p><p>Az adatkezel\u00e9s c\u00e9lja: A T\u00e1rsas\u00e1g a www.sixbau.hu honlapj\u00e1n \u00fczemeltetett web\u00e1ruh\u00e1z fel\u00fclet\u00e9hez \u00e9s a T\u00e1rsas\u00e1g \u00e1ltal k\u00f6z\u00f6lt inform\u00e1ci\u00f3khoz b\u00e1rmely k\u00fcls\u0151 l\u00e1togat\u00f3 hozz\u00e1f\u00e9rhet. Az adatkezel\u00e9s c\u00e9lja a rendel\u00e9s szab\u00e1lyszer\u0171 felv\u00e9tel\u00e9nek, valamint sz\u00e1ll\u00edt\u00e1s szakszer\u0171 lebonyol\u00edt\u00e1s\u00e1nak biztos\u00edt\u00e1sa, a sz\u00e1mviteli el\u0151\u00edr\u00e1soknak megfelel\u0151 sz\u00e1mla ki\u00e1ll\u00edt\u00e1sa.<\/p><p>Az \u00e9rintettek k\u00f6re: A web\u00e1ruh\u00e1zban regisztr\u00e1lt l\u00e1togat\u00f3k, ill. v\u00e1s\u00e1rl\u00f3k.<\/p><p>A kezelt adatok k\u00f6re: D\u00e1tum, id\u0151pont, c\u00e9gn\u00e9v, vezet\u00e9kn\u00e9v, keresztn\u00e9v, email c\u00edm, telefonsz\u00e1m, sz\u00e1ml\u00e1z\u00e1si n\u00e9v \u00e9s c\u00edm, ad\u00f3sz\u00e1m, sz\u00e1ll\u00edt\u00e1si n\u00e9v \u00e9s c\u00edm.<\/p><p>Az adatkezel\u00e9s jogalapja: Rendel\u00e9s teljes\u00edt\u00e9se, ill. regisztr\u00e1ci\u00f3 eset\u00e9n az inform\u00e1ci\u00f3szabads\u00e1gr\u00f3l \u00e9s az inform\u00e1ci\u00f3s \u00f6nrendelkez\u00e9si jogr\u00f3l sz\u00f3l\u00f3 2011. \u00e9vi CXII. tv 5. \u00a7-a, az EU 2016\/679 rendelet (\u201eGDPR\u201d) 6. cikk (1) bekezd\u00e9s a.) pont, valamint az inform\u00e1ci\u00f3s t\u00e1rsadalommal \u00f6sszef\u00fcgg\u0151 szolg\u00e1ltat\u00e1sok egyes k\u00e9rd\u00e9seir\u0151l sz\u00f3l\u00f3 2001. \u00e9vi CVIII. t\u00f6rv\u00e9ny 13\/A. \u00a7 (3) bekezd\u00e9s. Sz\u00e1mviteli bizonylat keletkez\u00e9se eset\u00e9n az EU 2016\/679 rendelet (\u201eGDPR\u201d) 6. cikk (1) bekezd\u00e9s c.) pont, valamint a sz\u00e1mvitelr\u0151l sz\u00f3l\u00f3 2000. \u00e9vi C. t\u00f6rv\u00e9ny 169.\u00a7 (2) bekezd\u00e9s.<\/p><p>Az adatkezel\u00e9s id\u0151tartama: A t\u00f6rl\u00e9si k\u00e9relem be\u00e9rkez\u00e9se eset\u00e9n a szem\u00e9lyes adatok halad\u00e9ktalanul t\u00f6rl\u00e9sre ker\u00fclnek. Sz\u00e1mviteli bizonylat keletkez\u00e9se eset\u00e9n a sz\u00e1mvitelr\u0151l sz\u00f3l\u00f3 2000. \u00e9vi C. t\u00f6rv\u00e9ny 169.\u00a7 (2) bekezd\u00e9s alapj\u00e1n 8 \u00e9v.<\/p><p>A szem\u00e9lyes adatok megismer\u00e9s\u00e9re jogosult szem\u00e9lyek: A T\u00e1rsas\u00e1g k\u00e9pviselet\u00e9re jogosult szem\u00e9lyek, Marketing tev\u00e9kenys\u00e9ggel megb\u00edzott munkav\u00e1llal\u00f3k, P\u00e9nz\u00fcgyi \u00e9s \u00e9rt\u00e9kes\u00edt\u00e9si tev\u00e9kenys\u00e9gbe bevont munkav\u00e1llal\u00f3k, Adatv\u00e9delmi tisztvisel\u0151.<\/p><p>5. Kapcsolatfelv\u00e9tel pont alkalmaz\u00e1sa sor\u00e1n megval\u00f3sul\u00f3 adatkezel\u00e9s:<\/p><p>Az adatkezel\u00e9s c\u00e9lja: A T\u00e1rsas\u00e1g a www.sixbau.hu honlapj\u00e1n a leend\u0151 \u00fczleti partner kapcsolatfelv\u00e9teli ig\u00e9nyt ny\u00fajthat be a T\u00e1rsas\u00e1g kapcsolattart\u00e1sra kijel\u00f6lt munkav\u00e1llal\u00f3ihoz. A partner kapcsolatfelv\u00e9tel\u00e9nek k\u00e9r\u00e9s\u00e9hez a honlapon felt\u00fcntetett adatv\u00e9delmi nyilatkozat elfogad\u00e1sa sz\u00fcks\u00e9ges.<\/p><p>Az \u00e9rintettek k\u00f6re: A kapcsolatfelv\u00e9teli k\u00e9r\u00e9s sor\u00e1n partner az adatok kezel\u00e9s\u00e9hez hozz\u00e1j\u00e1rul\u00e1st adott l\u00e1togat\u00f3k.<\/p><p>A kezelt adatok k\u00f6re: c\u00e9gn\u00e9v, sz\u00e9khely, email c\u00edm, telefonsz\u00e1m.<\/p><p>Az adatkezel\u00e9s jogalapja: Kapcsolatfelv\u00e9tel eset\u00e9n az inform\u00e1ci\u00f3szabads\u00e1gr\u00f3l \u00e9s az inform\u00e1ci\u00f3s \u00f6nrendelkez\u00e9si jogr\u00f3l sz\u00f3l\u00f3 2011. \u00e9vi CXII. tv 5.\u00a7-a, az EU 2016\/679 rendelet (\u201eGDPR\u201d) 6. cikk (1) bekezd\u00e9s a.) pont (\u00f6nk\u00e9ntes hozz\u00e1j\u00e1rul\u00e1s).<\/p><p>Az adatkezel\u00e9s id\u0151tartama: A t\u00f6rl\u00e9si k\u00e9relem be\u00e9rkez\u00e9se eset\u00e9n a szem\u00e9lyes adatok halad\u00e9ktalanul t\u00f6rl\u00e9sre ker\u00fclnek.<\/p><p>A szem\u00e9lyes adatok megismer\u00e9s\u00e9re jogosult szem\u00e9lyek: A kapcsolatfelv\u00e9tel sor\u00e1n megadott szem\u00e9lyes adatokat az adatkezel\u0151 marketing tev\u00e9kenys\u00e9g ell\u00e1t\u00e1s\u00e1val megb\u00edzott munkav\u00e1llal\u00f3i kezelhetik<\/p><p>6. Szem\u00e9lyes adatkezel\u00e9s min\u0151s\u00e9gi kifog\u00e1s eset\u00e9n:<\/p><p>Az adatkezel\u00e9s c\u00e9lja: A T\u00e1rsas\u00e1g www.sixbau.hu web\u00e1ruh\u00e1z\u00e1ban megrendelt term\u00e9kkel kapcsolatosan min\u0151s\u00e9gi kifog\u00e1ssal \u00e9l\u0151 szem\u00e9lyek adatainak nyilv\u00e1ntart\u00e1sa, a felmer\u00fcl\u0151 probl\u00e9m\u00e1k kezel\u00e9se.<\/p><p>Az \u00e9rintettek k\u00f6re: A v\u00e1s\u00e1rolt term\u00e9kkel kapcsolatban kifog\u00e1ssal \u00e9l\u0151 szem\u00e9lyek<\/p><p>A kezelt adatok k\u00f6re: C\u00e9gn\u00e9v, vezet\u00e9kn\u00e9v, keresztn\u00e9v, email c\u00edm, telefonsz\u00e1m, sz\u00e1ml\u00e1z\u00e1si n\u00e9v, c\u00edm, ad\u00f3sz\u00e1m<\/p><p>Az adatkezel\u00e9s jogalapja: Az EU 2016\/679 rendelet (\u201eGDPR\u201d) 6. cikk (1) bekezd\u00e9s c.) pont, valamint a fogyaszt\u00f3v\u00e9delemr\u0151l sz\u00f3l\u00f3 1997. \u00e9vi CLV. t\u00f6rv\u00e9ny 17\/a. \u00a7 (7) bekezd\u00e9s<\/p><p>Az adatkezel\u00e9s id\u0151tartama: A felvett jegyz\u0151k\u00f6nyvet a fogyaszt\u00f3v\u00e9delemr\u0151l sz\u00f3l\u00f3 1997.\u00e9vi CLV. t\u00f6rv\u00e9ny 17\/A. \u00a7 alapj\u00e1n az adatkezel\u0151 5 \u00e9vig meg\u0151rzi.<\/p><p>A szem\u00e9lyes adatok megismer\u00e9s\u00e9re jogosult szem\u00e9lyek: A T\u00e1rsas\u00e1g k\u00e9pviselet\u00e9re jogosult szem\u00e9lyek, Marketing tev\u00e9kenys\u00e9ggel megb\u00edzott munkav\u00e1llal\u00f3k, P\u00e9nz\u00fcgyi \u00e9s \u00e9rt\u00e9kes\u00edt\u00e9si tev\u00e9kenys\u00e9gbe bevont munkav\u00e1llal\u00f3k, Adatv\u00e9delmi tisztvisel\u0151<\/p><p>7. Adatfeldolgoz\u00e1s, ill. k\u00f6z\u00f6s adatkezel\u00e9s a web\u00e1ruh\u00e1z, valamint a h\u00edrlev\u00e9l k\u00fcld\u0151 szolg\u00e1ltat\u00e1s \u00fczemeltet\u00e9s\u00e9nek ig\u00e9nybev\u00e9tele sor\u00e1n:<\/p><p>A web\u00e1ruh\u00e1z \u00fczemeltet\u00e9se sor\u00e1n adatkezel\u0151 kiz\u00e1r\u00f3lag olyan adatfeldolgoz\u00f3kat ill. k\u00f6z\u00f6s adatkezel\u0151ket vesz ig\u00e9nybe, melyek garanci\u00e1kat ny\u00fajtanak az EU 2016\/679 rendelet k\u00f6vetelm\u00e9nyeinek t\u00f6rt\u00e9n\u0151 val\u00f3 megfelel\u00e9s\u00e9t \u00e9s az \u00e9rintettek jogainak v\u00e9delm\u00e9t biztos\u00edt\u00f3 megfelel\u0151 technikai \u00e9s szervez\u00e9si int\u00e9zked\u00e9sek v\u00e9grehajt\u00e1s\u00e1ra. Felek az adatfeldolgoz\u00e1s \u00e9s k\u00f6z\u00f6s adatkezel\u00e9s sor\u00e1n \u00e1tl\u00e1that\u00f3 m\u00f3don, a k\u00f6zt\u00fck l\u00e9v\u0151 \u00edr\u00e1sos meg\u00e1llapod\u00e1sban hat\u00e1rozt\u00e1k meg a k\u00f6telezetts\u00e9gek teljes\u00edt\u00e9s\u00e9\u00e9rt fenn\u00e1ll\u00f3, k\u00fcl\u00f6n\u00f6sen az adatkezel\u00e9ssel \u00e9rintett szem\u00e9ly jogainak gyakorl\u00e1s\u00e1val kapcsolatos feladataikkal \u00f6sszef\u00fcgg\u0151 felel\u0151ss\u00e9g\u00fck megoszl\u00e1s\u00e1t.<\/p><p>A T\u00e1rsas\u00e1g a web\u00e1ruh\u00e1z ill. h\u00edrlev\u00e9lk\u00fcld\u0151 szolg\u00e1ltat\u00e1s \u00fczemeltet\u00e9se c\u00e9lj\u00e1b\u00f3l az al\u00e1bbi adatfeldolgoz\u00f3kat veszi ig\u00e9nybe, ill. az al\u00e1bbi k\u00f6z\u00f6s adatkezel\u0151ket alkalmazza:<\/p><p>Web\u00e1ruh\u00e1z \u00fczemeltet\u00e9s, technikai h\u00e1tt\u00e9rt\u00e1mogat\u00e1s: ShopRenter.hu Kft. 4028 Debrecen, Kassai \u00fat 129., AppVision Kft. 1087 Budapest, K\u00f6nyves K. krt 48-52. I D107<\/p><p>T\u00e1rhely szolg\u00e1ltat\u00e1s, technikai h\u00e1tt\u00e9rt\u00e1mogat\u00e1s: ShopRenter.hu Kft. 4028 Debrecen, Kassai \u00fat 129., AppVision Kft. 1087 Budapest, K\u00f6nyves K. krt 48-52. I D107<\/p><p>8. A Google Analytics alkalmaz\u00e1s haszn\u00e1lata:<\/p><p>\u2022 A Web\u00e1ruh\u00e1z \u00fczemeltet\u00e9se sor\u00e1n adatkezel\u0151 a Google Analytics alkalmaz\u00e1st veszi ig\u00e9nybe, amely a Google Inc. (\u201eGoogle\u201d) webelemz\u0151 szolg\u00e1ltat\u00e1sa. A Google Analytics \u00fagynevezett \u201ecookie-kat\u201d, sz\u00f6vegf\u00e1jlokat haszn\u00e1l, amelyeket a sz\u00e1m\u00edt\u00f3g\u00e9p\u00e9re mentenek, \u00edgy el\u0151seg\u00edtik Felhaszn\u00e1l\u00f3 \u00e1ltal l\u00e1togatott weblap haszn\u00e1lat\u00e1nak elemz\u00e9s\u00e9t.<\/p><p>\u2022 A Felhaszn\u00e1l\u00f3 \u00e1ltal haszn\u00e1lt weboldallal kapcsolatos cookie-kal l\u00e9trehozott inform\u00e1ci\u00f3k rendszerint a Google egyik USA-beli szerver\u00e9re ker\u00fclnek \u00e9s t\u00e1rol\u00f3dnak. Az IP-anonimiz\u00e1l\u00e1s weboldali aktiv\u00e1l\u00e1s\u00e1val a Google a Felhaszn\u00e1l\u00f3 IP-c\u00edm\u00e9t az Eur\u00f3pai Uni\u00f3 tag\u00e1llamain bel\u00fcl vagy az Eur\u00f3pai Gazdas\u00e1gi T\u00e9rs\u00e9gr\u0151l sz\u00f3l\u00f3 meg\u00e1llapod\u00e1sban r\u00e9szes m\u00e1s \u00e1llamokban el\u0151z\u0151leg megr\u00f6vid\u00edti.<\/p><p>\u2022 A teljes IP-c\u00edmnek a Google USA-ban l\u00e9v\u0151 szerver\u00e9re t\u00f6rt\u00e9n\u0151 tov\u00e1bb\u00edt\u00e1s\u00e1ra \u00e9s ottani ler\u00f6vid\u00edt\u00e9s\u00e9re csak kiv\u00e9telesesetekben ker\u00fcl sor. Eme weboldal \u00fczemeltet\u0151j\u00e9nek megb\u00edz\u00e1s\u00e1b\u00f3l a Google ezeket az inform\u00e1ci\u00f3kat arra fogja haszn\u00e1lni, hogy ki\u00e9rt\u00e9kelje, hogyan haszn\u00e1lta a Felhaszn\u00e1l\u00f3 a honlapot, tov\u00e1bb\u00e1, hogy a weboldal \u00fczemeltet\u0151j\u00e9nek a honlap aktivit\u00e1s\u00e1val \u00f6sszef\u00fcgg\u0151 jelent\u00e9seket k\u00e9sz\u00edtsen, valamint, hogy a weboldal- \u00e9s az internethaszn\u00e1lattal kapcsolatos tov\u00e1bbi szolg\u00e1ltat\u00e1sokat teljes\u00edtsen.<\/p><p>\u2022 A Google Analytics keretein bel\u00fcl a Felhaszn\u00e1l\u00f3 b\u00f6ng\u00e9sz\u0151je \u00e1ltal tov\u00e1bb\u00edtott IP-c\u00edmet nem vezeti \u00f6ssze a Google m\u00e1s adataival. A cookie-k t\u00e1rol\u00e1s\u00e1t a Felhaszn\u00e1l\u00f3 a b\u00f6ng\u00e9sz\u0151j\u00e9nek megfelel\u0151 be\u00e1ll\u00edt\u00e1s\u00e1val megakad\u00e1lyozhatja. Felhaszn\u00e1l\u00f3 megakad\u00e1lyozhatja, hogy a Google<\/p><p>gy\u0171jtse \u00e9s feldolgozza a cookie-k \u00e1ltali, a Felhaszn\u00e1l\u00f3 weboldalhaszn\u00e1lattal kapcsolatos adatait<\/p><p>(bele\u00e9rtve az IP-c\u00edmet is), ha let\u00f6lti \u00e9s telep\u00edti a k\u00f6vetkez\u0151 linken el\u00e9rhet\u0151 b\u00f6ng\u00e9sz\u0151 plugin-t. https:\/\/tools.google.com\/dlpage\/gaoptout?hl=hu<\/p><p>Google Analytics cookie: A Google Analytics a Google elemz\u0151 eszk\u00f6ze, amely abban seg\u00edt a weboldalak \u00e9s alkalmaz\u00e1sok tulajdonosainak, hogy pontosabb k\u00e9pet kapjanak l\u00e1togat\u00f3ik tev\u00e9kenys\u00e9geir\u0151l. A szolg\u00e1ltat\u00e1s cookie-kat haszn\u00e1lhat, hogy inform\u00e1ci\u00f3kat gy\u0171jts\u00f6n \u00e9s jelent\u00e9st k\u00e9sz\u00edtsen a weboldal haszn\u00e1lat\u00e1ra vonatkoz\u00f3 statisztikai adatokb\u00f3l an\u00e9lk\u00fcl, hogy egy\u00e9nileg azonos\u00edtan\u00e1 a l\u00e1togat\u00f3kat a Google sz\u00e1m\u00e1ra. A Google Analytics \u00e1ltal haszn\u00e1lt f\u0151 cookie a \u201e__ga\u201d cookie. A webhelyhaszn\u00e1lati statisztikai adatokb\u00f3l k\u00e9sz\u00fcl\u0151 jelent\u00e9sek mellett a Google Analytics \u2013 az el\u0151bbiekben ismertetett n\u00e9h\u00e1ny hirdet\u00e9si cookie-val egy\u00fctt \u2013 felhaszn\u00e1lhat\u00f3 arra is, hogy relev\u00e1nsabb hirdet\u00e9seket jelen\u00edts\u00fcnk meg a Google-term\u00e9kekben (p\u00e9ld\u00e1ul a Google Keres\u00e9sben) \u00e9s szerte az interneten.<\/p><p>9. Az adatkezel\u00e9ssel \u00e9rintett szem\u00e9lyek egy\u00e9b jogai:<\/p><p>\u00b7 A hozz\u00e1f\u00e9r\u00e9s joga<\/p><p>Az adatkezel\u00e9ssel \u00e9rintett szem\u00e9ly jogosult arra, hogy az adatkezel\u0151t\u0151l visszajelz\u00e9st kapjon arra vonatkoz\u00f3an, hogy szem\u00e9lyes adatainak kezel\u00e9se folyamatban van-e, \u00e9s ha ilyen adatkezel\u00e9s folyamatban van, jogosult arra, hogy az adatkezel\u0151 \u00e1ltal gy\u0171jt\u00f6tt szem\u00e9lyes adatokhoz hozz\u00e1f\u00e9r\u00e9st kapjon.<\/p><p>\u00b7 A helyesb\u00edt\u00e9shez val\u00f3 jog<\/p><p>Az adatkezel\u00e9ssel \u00e9rintett szem\u00e9ly jogosult, hogy k\u00e9r\u00e9s\u00e9re az adatkezel\u0151 indokolatlan k\u00e9sedelem n\u00e9lk\u00fcl helyesb\u00edtse a r\u00e1 vonatkoz\u00f3 pontatlan szem\u00e9lyes adatokat. Figyelembe v\u00e9ve az adatkezel\u00e9s c\u00e9lj\u00e1t, az adatkezel\u00e9ssel \u00e9rintett szem\u00e9ly jogosult arra, hogy k\u00e9rje a hi\u00e1nyos szem\u00e9lyes adatok \u2013 egyebek mellett kieg\u00e9sz\u00edt\u0151 nyilatkozat \u00fatj\u00e1n t\u00f6rt\u00e9n\u0151 \u2013 kieg\u00e9sz\u00edt\u00e9s\u00e9t.<\/p><p>\u00b7 A t\u00f6rl\u00e9shez val\u00f3 jog<\/p><p>Az adatkezel\u00e9ssel \u00e9rintett szem\u00e9ly jogosult, hogy k\u00e9r\u00e9s\u00e9re az adatkezel\u0151 indokolatlan k\u00e9sedelem n\u00e9lk\u00fcl t\u00f6r\u00f6lje a r\u00e1 vonatkoz\u00f3 szem\u00e9lyes adatokat, az adatkezel\u0151 pedig k\u00f6teles arra, hogy szem\u00e9lyes adatokat indokolatlan k\u00e9sedelem n\u00e9lk\u00fcl t\u00f6r\u00f6lje az EU 2016\/679 rendelet 17. cikk (1) bekezd\u00e9s \u00e1ltal meghat\u00e1rozott felt\u00e9telek eset\u00e9n.<\/p><p>\u00b7 Az elfeledtet\u00e9shez val\u00f3 jog<\/p><p>Ha az adatkezel\u0151 nyilv\u00e1noss\u00e1gra hozta a szem\u00e9lyes adatot, \u00e9s azt t\u00f6r\u00f6lni k\u00f6teles, az el\u00e9rhet\u0151 technol\u00f3gia \u00e9s a megval\u00f3s\u00edt\u00e1s k\u00f6lts\u00e9geinek figyelembev\u00e9tel\u00e9vel megteszi az \u00e9szszer\u0171en elv\u00e1rhat\u00f3 l\u00e9p\u00e9seket \u2013 ide\u00e9rtve technikai int\u00e9zked\u00e9seket \u2013 annak \u00e9rdek\u00e9ben, hogy t\u00e1j\u00e9koztassa az adatokat kezel\u0151 adatkezel\u0151ket, hogy az adatkezel\u00e9ssel \u00e9rintett szem\u00e9ly k\u00e9relmezte a sz\u00f3ban forg\u00f3 szem\u00e9lyes adatokra mutat\u00f3 linkek vagy e szem\u00e9lyes adatok m\u00e1solat\u00e1nak, illetve m\u00e1sodp\u00e9ld\u00e1ny\u00e1nak t\u00f6rl\u00e9s\u00e9t.<\/p><p>\u00b7 Az adatkezel\u00e9s korl\u00e1toz\u00e1s\u00e1hoz val\u00f3 jog<\/p><p>Az adatkezel\u00e9ssel \u00e9rintett szem\u00e9ly jogosult, hogy k\u00e9r\u00e9s\u00e9re az adatkezel\u0151 korl\u00e1tozza az adatkezel\u00e9st, ha az al\u00e1bbi felt\u00e9telek valamelyike teljes\u00fcl:<\/p><p>&#8211; az adatkezel\u00e9ssel \u00e9rintett szem\u00e9ly vitatja a szem\u00e9lyes adatok pontoss\u00e1g\u00e1t, ez esetben a korl\u00e1toz\u00e1s arra az id\u0151tartamra vonatkozik, amely lehet\u0151v\u00e9 teszi, hogy az adatkezel\u0151 ellen\u0151rizze a szem\u00e9lyes adatok pontoss\u00e1g\u00e1t<\/p><p>&#8211; az adatkezel\u00e9s jogellenes, \u00e9s az adatkezel\u00e9ssel \u00e9rintett szem\u00e9ly ellenzi az adatok t\u00f6rl\u00e9s\u00e9t, \u00e9s ehelyett k\u00e9ri azok felhaszn\u00e1l\u00e1s\u00e1nak korl\u00e1toz\u00e1s\u00e1t<\/p><p>&#8211; az adatkezel\u0151nek m\u00e1r nincs sz\u00fcks\u00e9ge a szem\u00e9lyes adatokra adatkezel\u00e9s c\u00e9lj\u00e1b\u00f3l, de az adatkezel\u00e9ssel \u00e9rintett szem\u00e9ly ig\u00e9nyli azokat jogi ig\u00e9nyek el\u0151terjeszt\u00e9s\u00e9hez, \u00e9rv\u00e9nyes\u00edt\u00e9s\u00e9hez vagy v\u00e9delm\u00e9hez<\/p><p>&#8211; az adatkezel\u00e9ssel \u00e9rintett szem\u00e9ly tiltakozott az adatkezel\u00e9s ellen; ez esetben a korl\u00e1toz\u00e1s arra az id\u0151tartamra vonatkozik, am\u00edg meg\u00e1llap\u00edt\u00e1sra nem ker\u00fcl, hogy az adatkezel\u0151 jogos indokai els\u0151bbs\u00e9get \u00e9lveznek-e az adatkezel\u00e9ssel \u00e9rintett szem\u00e9ly jogos indokaival szemben.<\/p><p>\u00b7 Az adathordozhat\u00f3s\u00e1ghoz val\u00f3 jog<\/p><p>Az adatkezel\u00e9ssel \u00e9rintett szem\u00e9ly jogosult arra, hogy a r\u00e1 vonatkoz\u00f3, \u00e1ltala egy adatkezel\u0151 rendelkez\u00e9s\u00e9re bocs\u00e1tott szem\u00e9lyes adatokat tagolt, sz\u00e9les k\u00f6rben haszn\u00e1lt, g\u00e9ppel olvashat\u00f3 form\u00e1tumban megkapja, tov\u00e1bb\u00e1 jogosult arra, hogy ezeket az adatokat egy m\u00e1sik adatkezel\u0151nek tov\u00e1bb\u00edtsa an\u00e9lk\u00fcl, hogy ezt akad\u00e1lyozn\u00e1 az az adatkezel\u0151, amelynek a szem\u00e9lyes adatokat a rendelkez\u00e9s\u00e9re bocs\u00e1totta ha az adatkezel\u00e9s az EU 2016\/679 rendelet 6. cikk (1) bekezd\u00e9s a.) pontja szerinti hozz\u00e1j\u00e1rul\u00e1son alapul \u00e9s az adatkezel\u00e9s automatiz\u00e1lt m\u00f3don t\u00f6rt\u00e9nik.<\/p><p>\u00b7 A tiltakoz\u00e1shoz val\u00f3 jog<\/p><p>Az adatkezel\u00e9ssel \u00e9rintett szem\u00e9ly jogosult arra jogosult arra, hogy a saj\u00e1t helyzet\u00e9vel kapcsolatos okokb\u00f3l b\u00e1rmikor tiltakozzon az EU 2016\/679 rendelet 6. cikk (1) bekezd\u00e9s a.) pontj\u00e1n alapul\u00f3 szem\u00e9lyes adatainak a kezel\u00e9se ellen, ide\u00e9rtve az eml\u00edtett rendelkez\u00e9seken alapul\u00f3 profilalkot\u00e1st is. Ebben az esetben az adatkezel\u0151 a szem\u00e9lyes adatokat nem kezelheti tov\u00e1bb.<\/p><p>\u00b7 Automatiz\u00e1lt d\u00f6nt\u00e9shozatal egyedi \u00fcgyekben, bele\u00e9rtve a profilalkot\u00e1st<\/p><p>Az adatkezel\u00e9ssel \u00e9rintett szem\u00e9ly jogosult arra, hogy ne terjedjen ki r\u00e1 az olyan, kiz\u00e1r\u00f3lag automatiz\u00e1lt adatkezel\u00e9sen \u2013 ide\u00e9rtve a profilalkot\u00e1st is \u2013 alapul\u00f3 d\u00f6nt\u00e9s hat\u00e1lya, amely r\u00e1 n\u00e9zve joghat\u00e1ssal j\u00e1rna vagy \u0151t hasonl\u00f3k\u00e9ppen jelent\u0151s m\u00e9rt\u00e9kben \u00e9rinten\u00e9.<\/p><p>Az el\u0151z\u0151 bekezd\u00e9s nem alkalmazand\u00f3 abban az esetben, ha a d\u00f6nt\u00e9s:<\/p><p>&#8211; az adatkezel\u00e9ssel \u00e9rintett szem\u00e9ly \u00e9s az adatkezel\u0151 k\u00f6z\u00f6tti szerz\u0151d\u00e9s megk\u00f6t\u00e9se vagy teljes\u00edt\u00e9se \u00e9rdek\u00e9ben sz\u00fcks\u00e9ges<\/p><p>&#8211; meghozatal\u00e1t az adatkezel\u0151re alkalmazand\u00f3 olyan uni\u00f3s vagy tag\u00e1llami jog teszi lehet\u0151v\u00e9, amely az adatkezel\u00e9ssel \u00e9rintett szem\u00e9ly jogainak \u00e9s szabads\u00e1gainak, valamint jogos \u00e9rdekeinek v\u00e9delm\u00e9t szolg\u00e1l\u00f3 megfelel\u0151 int\u00e9zked\u00e9seket is meg\u00e1llap\u00edt vagy<\/p><p>&#8211; az adatkezel\u00e9ssel \u00e9rintett szem\u00e9ly kifejezett hozz\u00e1j\u00e1rul\u00e1s\u00e1n alapul.<\/p><p>10. Az \u00e9rintettek adatkezel\u00e9ssel kapcsolatos jogai:<\/p><p>&#8211; Az \u00e9rintett k\u00e9rheti a szem\u00e9ly\u00e9re vonatkoz\u00f3, adatkezel\u0151 \u00e1ltal kezelt adatokhoz t\u00f6rt\u00e9n\u0151 hozz\u00e1f\u00e9r\u00e9st, az adatok helyesb\u00edt\u00e9s\u00e9t \u00e9s t\u00f6rl\u00e9s\u00e9t, valamint az adatkezel\u00e9s korl\u00e1toz\u00e1s\u00e1t<\/p><p>&#8211; Az \u00e9rintett a t\u00e1j\u00e9koztat\u00f3ban szerepl\u0151 el\u00e9rhet\u0151s\u00e9geken tiltakozhat szem\u00e9lyes adatai kezel\u00e9se ellen<\/p><p>&#8211; Az \u00e9rintett jogosult az adathordozhat\u00f3s\u00e1g szab\u00e1lyai alapj\u00e1n a szem\u00e9lyes adataihoz t\u00f6rt\u00e9n\u0151 hozz\u00e1f\u00e9r\u00e9shez, valamint a h\u00edrlev\u00e9l regisztr\u00e1ci\u00f3 sor\u00e1n megadott adatok tekintet\u00e9ben az adatok kezel\u00e9s\u00e9vel kapcsolatos hozz\u00e1j\u00e1rul\u00e1s visszavon\u00e1s\u00e1hoz.<\/p><p>11. A weboldal adatkezel\u00e9s\u00e9vel kapcsolatos int\u00e9zked\u00e9si hat\u00e1rid\u0151k:<\/p><p>A T\u00e1rsas\u00e1g a k\u00e9relem be\u00e9rkez\u00e9s\u00e9t\u0151l sz\u00e1m\u00edtott 1 h\u00f3napon bel\u00fcl t\u00e1j\u00e9koztat\u00e1st ny\u00fajt az adatkezel\u00e9ssel kapcsolatos k\u00e9relmek nyom\u00e1n hozott int\u00e9zked\u00e9sekr\u0151l. Ezen hat\u00e1rid\u0151 jogos indok eset\u00e9n 2 h\u00f3nappal meghosszabb\u00edthat\u00f3. A hat\u00e1rid\u0151 meghosszabb\u00edt\u00e1s\u00e1r\u00f3l az adatkezel\u0151 a k\u00e9sedelem okainak megjel\u00f6l\u00e9s\u00e9vel a k\u00e9relem k\u00e9zhezv\u00e9tel\u00e9t\u0151l sz\u00e1m\u00edtott 1 h\u00f3napon bel\u00fcl t\u00e1j\u00e9koztat\u00e1st ny\u00fajt. Ha az adatkezel\u0151 nem tesz int\u00e9zked\u00e9seket az adatkezel\u00e9ssel \u00e9rintett szem\u00e9ly k\u00e9relme nyom\u00e1n, k\u00e9sedelem n\u00e9lk\u00fcl, de legk\u00e9s\u0151bb a k\u00e9relem be\u00e9rkez\u00e9s\u00e9t\u0151l sz\u00e1m\u00edtott egy h\u00f3napon bel\u00fcl t\u00e1j\u00e9koztat\u00e1st ny\u00fajt az int\u00e9zked\u00e9s elmarad\u00e1s\u00e1nak ok\u00e1r\u00f3l, \u00e9s a fel\u00fcgyeleti hat\u00f3s\u00e1gn\u00e1l, valamint b\u00edr\u00f3s\u00e1gn\u00e1l beny\u00fajthat\u00f3 panaszkezel\u00e9s m\u00f3dj\u00e1r\u00f3l.<\/p><p>12. Az adatkezel\u00e9s biztons\u00e1ga:<\/p><p>Az adatkezel\u0151 \u00e9s az adatfeldolgoz\u00f3 a tudom\u00e1ny \u00e9s technol\u00f3gia \u00e1ll\u00e1sa \u00e9s a megval\u00f3s\u00edt\u00e1s k\u00f6lts\u00e9gei, tov\u00e1bb\u00e1 az adatkezel\u00e9s jellege, hat\u00f3k\u00f6re, k\u00f6r\u00fclm\u00e9nyei \u00e9s c\u00e9ljai, valamint a term\u00e9szetes szem\u00e9lyek jogaira \u00e9s szabads\u00e1gaira jelentett, v\u00e1ltoz\u00f3 val\u00f3sz\u00edn\u0171s\u00e9g\u0171 \u00e9s s\u00falyoss\u00e1g\u00fa kock\u00e1zat figyelembev\u00e9tel\u00e9vel megfelel\u0151 technikai \u00e9s szervez\u00e9si int\u00e9zked\u00e9seket hajt v\u00e9gre annak \u00e9rdek\u00e9ben, hogy a kock\u00e1zat m\u00e9rt\u00e9k\u00e9nek megfelel\u0151 szint\u0171 adatbiztons\u00e1got garant\u00e1lja, ide\u00e9rtve, t\u00f6bbek k\u00f6z\u00f6tt, adott esetben:<\/p><p>a) a szem\u00e9lyes adatok \u00e1lneves\u00edt\u00e9s\u00e9t \u00e9s titkos\u00edt\u00e1s\u00e1t<\/p><p>b) a szem\u00e9lyes adatok kezel\u00e9s\u00e9re haszn\u00e1lt rendszerek \u00e9s szolg\u00e1ltat\u00e1sok folyamatos bizalmas jelleg\u00e9nek biztos\u00edt\u00e1s\u00e1t, integrit\u00e1s\u00e1t, rendelkez\u00e9sre \u00e1ll\u00e1s\u00e1t \u00e9s ellen\u00e1ll\u00f3 k\u00e9pess\u00e9g\u00e9t<\/p><p>c) fizikai vagy m\u0171szaki incidens eset\u00e9n az arra val\u00f3 k\u00e9pess\u00e9get, hogy a szem\u00e9lyes adatokhoz val\u00f3 hozz\u00e1f\u00e9r\u00e9st \u00e9s az adatok rendelkez\u00e9sre \u00e1ll\u00e1s\u00e1t kell\u0151 id\u0151ben vissza lehet \u00e1ll\u00edtani<\/p><p>d) az adatkezel\u00e9s biztons\u00e1g\u00e1nak garant\u00e1l\u00e1s\u00e1ra hozott technikai \u00e9s szervez\u00e9si int\u00e9zked\u00e9sek hat\u00e9konys\u00e1g\u00e1nak rendszeres tesztel\u00e9s\u00e9re, felm\u00e9r\u00e9s\u00e9re \u00e9s \u00e9rt\u00e9kel\u00e9s\u00e9re szolg\u00e1l\u00f3 elj\u00e1r\u00e1st.<\/p><p>13. Cookie \/ s\u00fcti\/ kezel\u00e9s:<\/p><p>A jelen S\u00fcti (angolul: Cookie) szab\u00e1lyzat (a tov\u00e1bbiakban: cookie) a www.sixbau.hu weboldalon, a Szerelv\u00e9nybolt Kft. \u00e1ltal \u00fczemeltetett honlap haszn\u00e1lat\u00e1ra vonatkoz\u00f3 cookie felt\u00e9teleket tartalmazza. A weboldal kialak\u00edt\u00e1s\u00e1n\u00e1l figyelt\u00fcnk a cookie-k tov\u00e1bbi felhaszn\u00e1l\u00e1s\u00e1ra vonatkoz\u00f3 el\u0151\u00edr\u00e1sokra. Ezen haszn\u00e1latra vonatkoz\u00f3an az al\u00e1bbi el\u0151\u00edr\u00e1sokat vett\u00fck figyelembe \u00e9s ezeknek megfelel\u0151en haszn\u00e1ljuk:<\/p><p>&#8211; 2003. \u00e9vi C. t\u00f6rv\u00e9ny az elektronikus h\u00edrk\u00f6zl\u00e9sr\u0151l<\/p><p>&#8211; 2001. \u00e9vi CVIII. t\u00f6rv\u00e9ny az elektronikus kereskedelmi szolg\u00e1ltat\u00e1sok, valamint az inform\u00e1ci\u00f3s t\u00e1rsadalommal \u00f6sszef\u00fcgg\u0151 szolg\u00e1ltat\u00e1sok egyes k\u00e9rd\u00e9seir\u0151l<\/p><p>&#8211; 2011. \u00e9vi CXII. t\u00f6rv\u00e9ny az inform\u00e1ci\u00f3s \u00f6nrendelkez\u00e9si jogr\u00f3l \u00e9s az inform\u00e1ci\u00f3szabads\u00e1gr\u00f3l<\/p><p>&#8211; 2002\/58\/EK ir\u00e1nyelv (2002. j\u00falius 12.) az elektronikus h\u00edrk\u00f6zl\u00e9si \u00e1gazatban a szem\u00e9lyes adatok kezel\u00e9s\u00e9r\u0151l, feldolgoz\u00e1s\u00e1r\u00f3l \u00e9s a mag\u00e1n\u00e9let v\u00e9delm\u00e9r\u0151l (\u201cElektronikus h\u00edrk\u00f6zl\u00e9si adatv\u00e9delmi ir\u00e1nyelv\u201d)<\/p><p>A cookie (s\u00fcti)<\/p><p>A cookie vagy s\u00fcti jelent\u00e9se: file-ok vagy inform\u00e1ci\u00f3 darabk\u00e1k, amelyeket internetes b\u00f6ng\u00e9sz\u0151je ment le honlapunkr\u00f3l \u00e9s t\u00e1rolja azokat az \u00d6n g\u00e9p\u00e9n. Ezeknek a cookie-k a seg\u00edts\u00e9g\u00e9vel ismeri fel a honlapunk anyagait t\u00e1rol\u00f3 szerver sz\u00e1m\u00edt\u00f3g\u00e9p a honlapunkra t\u00f6rt\u00e9n\u0151 visszal\u00e1togat\u00e1sakor, hogy \u00d6n m\u00e1r j\u00e1rt a honlapomon.<\/p><p>A legt\u00f6bb internetes b\u00f6ng\u00e9sz\u0151 alapbe\u00e1ll\u00edt\u00e1s\u00e1b\u00f3l kifoly\u00f3lag elfogad cookie-kat. Ha \u00fagy gondolja, \u00e1t\u00e1ll\u00edthatja b\u00f6ng\u00e9sz\u0151j\u00e9t, hogy a cookie-kat visszautas\u00edtsa vagy figyelmeztesse \u00d6nt arra, hogy cookie-kat k\u00fcldtek az \u00d6n g\u00e9p\u00e9re. Weboldalunk haszn\u00e1l ilyen cookie f\u00e1jlokat, egyes funkci\u00f3k biztos\u00edt\u00e1sa \u00e9rdek\u00e9ben vagy csup\u00e1n k\u00e9nyelmi okok miatt. Az \u00e1ltalunk haszn\u00e1lt cookie-k nem terhelik, lass\u00edtj\u00e1k \u00e9s nem okoznak k\u00e1rt az \u00d6n sz\u00e1m\u00edt\u00f3g\u00e9p\u00e9ben.<\/p><p>Az oldalon Harmadik f\u00e9lt\u0151l sz\u00e1rmaz\u00f3 cookie-k, s\u00fctik haszn\u00e1lata is t\u00f6rt\u00e9nik. A cookie-k, s\u00fctit t\u00f6r\u00f6lhet\u00f6k a b\u00f6ng\u00e9sz\u0151kb\u0151l, tov\u00e1bb\u00e1 le is tilthat\u00f3k a s\u00fctik, cookie-k. Ezen be\u00e1ll\u00edt\u00e1sair\u00f3l a b\u00f6ng\u00e9sz\u0151 hivatalos weboldal\u00e1n tal\u00e1l inform\u00e1ci\u00f3t.<\/p><p>Mi a cookie-k c\u00e9lja?<\/p><p>T\u00f6bbf\u00e9le c\u00e9lra is haszn\u00e1ljuk ezeket a technol\u00f3gi\u00e1kat, p\u00e9ld\u00e1ul a Felhaszn\u00e1l\u00f3 sz\u00e1m\u00e1ra legrelev\u00e1nsabb tartalom vagy hirdet\u00e9s megjelen\u00edt\u00e9s\u00e9re, term\u00e9keink \u00e9s szolg\u00e1ltat\u00e1saink tov\u00e1bbfejleszt\u00e9s\u00e9re, valamint szolg\u00e1ltat\u00e1saink biztons\u00e1g\u00e1nak meg\u0151rz\u00e9s\u00e9re. Az \u00e1ltalunk haszn\u00e1lt cookie-k, k\u00e9ppontok \u00e9s egy\u00e9b hasonl\u00f3 technol\u00f3gi\u00e1k pontos neve a szolg\u00e1ltat\u00e1sok fejleszt\u00e9s\u00e9vel \u00e9s friss\u00edt\u00e9s\u00e9vel id\u0151r\u0151l-id\u0151re v\u00e1ltozhat.<\/p><p>Hogyan keletkezik a cookie?<\/p><p>El\u0151sz\u00f6r a kliens g\u00e9p k\u00fcld egy k\u00e9r\u00e9st a kiszolg\u00e1l\u00f3 ir\u00e1ny\u00e1ba. Ekkor a kiszolg\u00e1l\u00f3 l\u00e9trehoz egy egyedi azonos\u00edt\u00f3t \u00e9s ezt elt\u00e1rolja a saj\u00e1t adatb\u00e1zis\u00e1ban, majd az \u00edgy l\u00e9trehozott cookie-t az \u00f6sszes inform\u00e1ci\u00f3val visszak\u00fcldi a kliensnek. Az \u00edgy visszakapott inform\u00e1ci\u00f3s cookie elt\u00e1rol\u00f3dik a kliens g\u00e9pen.<\/p><p>Hogyan haszn\u00e1l\u00f3dik a cookie?<\/p><p>Amikor a kliens g\u00e9p \u00fajra kapcsolatba l\u00e9p a kiszolg\u00e1l\u00f3val m\u00e1r hozz\u00e1csatolja az el\u0151z\u0151leg m\u00e1r l\u00e9trehozott \u00e9s elt\u00e1rolt cookie-t. A kiszolg\u00e1l\u00f3 \u00f6sszehasonl\u00edtja a kapott \u00e9s az \u00e1ltala t\u00e1rolt cookie tartalm\u00e1t. Ez\u00e1ltal k\u00f6nnyed\u00e9n azonos\u00edtja pl. a regisztr\u00e1lt vagy visszal\u00e1togat\u00f3 felhaszn\u00e1l\u00f3t.<\/p><p>Milyen cookie-t haszn\u00e1lunk?<\/p><p>T\u00f6bbf\u00e9le cookie van haszn\u00e1latban, de minden weboldal m\u00e1sf\u00e9le t\u00edpus\u00faakat haszn\u00e1l. Honlapunk \u00e1ltal\u00e1ban csak az al\u00e1bbiakat haszn\u00e1lja, de a fejleszt\u00e9sek alkalm\u00e1val el\u0151fordulhat, hogy az eddigieken fel\u00fcl \u00fajabb fajt\u00e1kat is alkalmazunk.<\/p><p>Munkameneti\/\u00c1tmeneti cookie:<\/p><p>Ezek a cookie-k csak \u00e1tmenetileg ker\u00fclnek az ideiglenes mem\u00f3ri\u00e1ba, ameddig a felhaszn\u00e1l\u00f3 az oldalon navig\u00e1l. Amikor a felhaszn\u00e1l\u00f3 bez\u00e1rja a b\u00f6ng\u00e9sz\u0151t a cookie t\u00f6rl\u0151dik. Ezek a cookie-k nem tartalmaznak szem\u00e9lyes adatokat \u00e9s nem alkalmasak arra, hogy a l\u00e1togat\u00f3t beazonos\u00edtsa.<\/p><p>T\u00e1rolt\/\u00c1lland\u00f3 cookie:<\/p><p>Ezek azok a cookie-k, amelyek minden alkalommal haszn\u00e1latba ker\u00fclnek, amikor a felhaszn\u00e1l\u00f3 az oldalra l\u00e1togat. A cookie-k fajt\u00e1ja alapj\u00e1n az al\u00e1bbiak szerint haszn\u00e1lhatjuk ezeket:<\/p><p>Analitika\/Elemz\u00e9s:<\/p><p>Ez mutatja meg, hogy a weboldalon bel\u00fcl merre j\u00e1rt, milyen term\u00e9keket n\u00e9zett meg, mit csin\u00e1lt. A cookie \u00e9lettartam\u00e1t\u00f3l f\u00fcgg\u0151en marad a kliens g\u00e9pen. Olyan funkci\u00f3k haszn\u00e1lhatj\u00e1k, mint p\u00e9ld\u00e1ul a Google Analytics. Ezek a cookie-k nem tartalmaznak szem\u00e9lyes adatokat \u00e9s nem alkalmasak arra, hogy a l\u00e1togat\u00f3t beazonos\u00edtsa.<\/p><p>K\u00f6z\u00f6ss\u00e9gi h\u00e1l\u00f3zatok:<\/p><p>Lehet\u0151v\u00e9 teszi, hogy k\u00f6nnyen hozz\u00e1f\u00e9rjen a k\u00f6z\u00f6ss\u00e9gi m\u00e9dia h\u00e1l\u00f3zatokhoz, megoszthassa v\u00e9lem\u00e9ny\u00e9t, cikkeinket m\u00e1sokkal. Olyan harmadik f\u00e9l \u00e1ltal ny\u00fajtott funkci\u00f3k haszn\u00e1lhatj\u00e1k, mint p\u00e9ld\u00e1ul a Facebook, YouTube. Ezek a cookie-k tartalmazhatnak szem\u00e9lyes adatokat \u00e9s alkalmasak a l\u00e1togat\u00f3 beazonos\u00edt\u00e1s\u00e1ra.<\/p><p>Facebook-pixel: A Facebook K\u00e9ppont (Facebook Pixel) a weboldal forr\u00e1sk\u00f3dj\u00e1ban elhelyezhet\u0151 k\u00f3d, melynek seg\u00edts\u00e9g\u00e9vel m\u00e9rhet\u0151ek a konverzi\u00f3k, illetve a weboldalra l\u00e1togat\u00f3k sz\u00e1m\u00e1ra c\u00e9lzott hirdet\u00e9seket lehet megjelen\u00edteni.<\/p><p>Facebook Conversions API: A Facebook Conversions API feladata, hogy k\u00f6zvetlen kapcsolatot alak\u00edtson ki a marketing adataid \u00e9s a Facebook azon rendszerei k\u00f6z\u00f6tt, amelyek seg\u00edtenek a hirdet\u00e9sek c\u00e9lz\u00e1s\u00e1nak optimaliz\u00e1l\u00e1s\u00e1ban, illetve az egy m\u0171veletre jut\u00f3 egys\u00e9gk\u00f6lts\u00e9g cs\u00f6kkent\u00e9s\u00e9ben, valamint az eredm\u00e9nyek m\u00e9r\u00e9s\u00e9ben. A c\u00e9lja, hogy k\u00f6zvetlen \u00e9s megb\u00edzhat\u00f3 kapcsolatot teremtsen a kiszolg\u00e1l\u00f3dr\u00f3l, a webhelyplatformr\u00f3l vagy a CRM-rendszerb\u0151l sz\u00e1rmaz\u00f3 marketing adataid (p\u00e9ld\u00e1ul a webhelyesem\u00e9nyek vagy az offline konverzi\u00f3k) \u00e9s a Facebook k\u00f6z\u00f6tt. Ezek a marketing adatok el\u0151seg\u00edtik a hirdet\u00e9sek szem\u00e9lyre szab\u00e1s\u00e1t, optimaliz\u00e1l\u00e1s\u00e1t \u00e9s m\u00e9r\u00e9s\u00e9t a Facebookon az\u00e9rt, hogy a hirdet\u00e9sek a relev\u00e1ns felhaszn\u00e1l\u00f3k sz\u00e1m\u00e1ra jelenjenek meg.<\/p><p>Facebook remarketing: A Facebookon lehet\u0151s\u00e9g\u00fcnk van hirdet\u00e9si kamp\u00e1nyokat l\u00e9trehozni. A kamp\u00e1nyok lehetnek kattint\u00e1s alap\u00faak (PPC, azaz Pay Per Click) vagy fejleszthet\u00fcnk alkalmaz\u00e1st is. A hagyom\u00e1nyos ASU (Facebook Ad Space Unit \u2013 a jobb oldali s\u00e1vban megjelen\u0151 135 karakteres sz\u00f6veg \u00e9s a hozz\u00e1 tartoz\u00f3 illusztr\u00e1ci\u00f3) mellett most m\u00e1r lehet\u0151s\u00e9g\u00fcnk van Szponzor\u00e1lt h\u00edrt \u00e9s Promot\u00e1lt hirdet\u00e9st is feladni.<\/p><p>M\u00e9dia:<\/p><p>Ezek seg\u00edts\u00e9g\u00e9vel k\u00e9pes p\u00e9ld\u00e1ul vide\u00f3kat megtekinteni az oldalon. Olyan harmadik f\u00e9l \u00e1ltal ny\u00fajtott funkci\u00f3k haszn\u00e1lj\u00e1k, mint p\u00e9ld\u00e1ul a YouTube. Ezek a cookie-k nem tartalmaznak szem\u00e9lyes adatokat \u00e9s nem alkalmasak arra, hogy a l\u00e1togat\u00f3t beazonos\u00edtsa.<\/p><p>Funkcion\u00e1lis:<\/p><p>Ez mutatja meg, hogy a felhaszn\u00e1l\u00f3 j\u00e1rt e m\u00e1r az oldalon \u00e9s azt milyen eszk\u00f6zzel tette. Megjegyzi a felhaszn\u00e1l\u00f3 nevet, jelsz\u00f3t, v\u00e1lasztott nyelvet, tart\u00f3zkod\u00e1si inform\u00e1ci\u00f3kat. Ezek a cookie-k tartalmazhatnak szem\u00e9lyes adatokat \u00e9s alkalmasak a l\u00e1togat\u00f3 beazonos\u00edt\u00e1s\u00e1ra.<\/p><p>Rekl\u00e1m:<\/p><p>Ezek seg\u00edts\u00e9g\u00e9vel az \u00e9rdekl\u0151d\u00e9s\u00e9nek megfelel\u0151 inform\u00e1ci\u00f3kat, h\u00edrleveleket tudok k\u00fcldeni a felhaszn\u00e1l\u00f3nak. Ezek a cookie-k tartalmazhatnak szem\u00e9lyes adatokat \u00e9s alkalmasak a l\u00e1togat\u00f3 beazonos\u00edt\u00e1s\u00e1ra.<\/p><p>Hogyan t\u00f6rt\u00e9nik a Cookie-k kezel\u00e9se?<\/p><p>K\u00fcl\u00f6nf\u00e9le m\u00f3dokon, de a kliensnek lehet\u0151s\u00e9ge van t\u00f6bbf\u00e9le m\u00f3don be\u00e1ll\u00edtani a cookie-k kezel\u00e9s\u00e9re vonatkoz\u00f3an b\u00f6ng\u00e9sz\u0151j\u00e9t. \u00c1ltal\u00e1noss\u00e1gban elmondhat\u00f3, hogy az al\u00e1bbiak szerint h\u00e1romf\u00e9le m\u00f3don \u00e1ll\u00edthat\u00f3k be a b\u00f6ng\u00e9sz\u0151k:<\/p><p>&#8211; Minden cookie elfogad\u00e1sa<\/p><p>&#8211; Minden cookie elutas\u00edt\u00e1sa<\/p><p>&#8211; Minden egyes cookie haszn\u00e1latr\u00f3l \u00e9rtes\u00edt\u00e9s k\u00e9r\u00e9se<\/p><p>A cookie-k be\u00e1ll\u00edt\u00e1saival kapcsolatban \u00e9rdemes k\u00f6r\u00fcln\u00e9zni b\u00f6ng\u00e9sz\u0151je \u201eOpci\u00f3k\u201d vagy \u201eBe\u00e1ll\u00edt\u00e1sok\u201d men\u00fcj\u00e9ben, vagy ig\u00e9nybe venni keres\u0151je \u201eSeg\u00edts\u00e9g\u201d men\u00fcj\u00e9t.<\/p><p>Az oldalon a k\u00f6vetkez\u0151k megk\u00f6nny\u00edt\u00e9s\u00e9re haszn\u00e1lunk cookie-kat:<\/p><p>Az oldalon \u00e9s m\u00e1shol megjelen\u00edtett hirdet\u00e9sek megjelen\u00edt\u00e9se, kiv\u00e1laszt\u00e1sa, \u00e9rt\u00e9kel\u00e9se, m\u00e9r\u00e9se \u00e9s \u00e9rtelmez\u00e9se.<\/p><p>Ha a b\u00f6ng\u00e9sz\u0151ben, vagy a k\u00e9sz\u00fcl\u00e9ken vannak cookie-k, le tudjuk olvasni az adott cookie-t, amikor k\u00f6z\u00f6ss\u00e9gi modullal rendelkez\u0151 weboldalra l\u00e1togat. A K\u00f6z\u00f6ss\u00e9gi honlapok (Facebook) \u00e1ltal l\u00e9trehozott cookie-k\u00e9rt azon oldalakat \u00fczemeltet\u0151 felel, melyr\u0151l az adott k\u00f6z\u00f6ss\u00e9gi oldal honlapj\u00e1n tud inform\u00e1l\u00f3dni.<\/p><p>14. Az \u00e9rintett t\u00e1j\u00e9koztat\u00e1sa az adatv\u00e9delmi incidensr\u0151l, \u00e9s az incidens bejelent\u00e9se a fel\u00fcgyeleti hat\u00f3s\u00e1gnak:<\/p><p>Adatkezel\u0151 az adatv\u00e9delmi incidenst indokolatlan k\u00e9sedelem n\u00e9lk\u00fcl, de legk\u00e9s\u0151bb 72 \u00f3r\u00e1val azut\u00e1n, hogy tudom\u00e1s\u00e1ra jutott, jelenti az illet\u00e9kes fel\u00fcgyeleti hat\u00f3s\u00e1gnak kiv\u00e9ve, ha az adatv\u00e9delmi incidens feltehet\u0151leg nem j\u00e1r kock\u00e1zattal a term\u00e9szetes szem\u00e9lyek jogaira \u00e9s szabads\u00e1g\u00e1ra n\u00e9zve.<\/p><p>Ha az adatv\u00e9delmi incidens feltehet\u0151leg magas kock\u00e1zattal j\u00e1r az \u00e9rintett szem\u00e9lyek jogaira \u00e9s szabads\u00e1g\u00e1ra n\u00e9zve, az adatkezel\u0151 indokolatlan k\u00e9sedelem n\u00e9lk\u00fcl t\u00e1j\u00e9koztatja az \u00e9rintettet az adatv\u00e9delmi incidensr\u0151l.<\/p><p>15. A szem\u00e9lyes adatok t\u00f6rl\u00e9s\u00e9re, m\u00f3dos\u00edt\u00e1s\u00e1ra vagy kezel\u00e9s\u00e9nek korl\u00e1toz\u00e1s\u00e1ra jogosult szem\u00e9lyek:<\/p><p>\u00b7 Dr Er\u0151s L\u00e1szl\u00f3 adatv\u00e9delmi tisztvisel\u0151 Email: info@dreroslaszlo.hu Tel: 06 30 650 1718 \u00b7 Patonai Roland \u00fcgyvezet\u0151 igazgat\u00f3 Email c\u00edm: patonairoland@szerelvenybolt.hu Tel: 06 30 943 4868<\/p><p>16. Jogorvoslati lehet\u0151s\u00e9gek:<\/p><p>Az adatkezel\u00e9s sor\u00e1n \u00e9rintett szem\u00e9lyjogainak s\u00e9relme eset\u00e9n az al\u00e1bbi Hat\u00f3s\u00e1ghoz fordulhat:<\/p><p>\u00b7 Nemzeti Adatv\u00e9delmi \u00e9s Inform\u00e1ci\u00f3szabads\u00e1g Hat\u00f3s\u00e1g: 1055 Budapest, Falk Miksa u. 9-11. (Postac\u00edm: 1363 Bp. Pf. 9.), www.naih.hu<\/p><p>\u00b7 A T\u00e1rsas\u00e1g, mint adatkezel\u0151 sz\u00e9khelye szerint illet\u00e9kes Kecskem\u00e9ti T\u00f6rv\u00e9nysz\u00e9k, vagy az \u00e9rintett\/bejelent\u0151 lak\u00f3helye szerint illet\u00e9kes T\u00f6rv\u00e9nysz\u00e9k, vagy az \u00e9rintett\/bejelent\u0151 tart\u00f3zkod\u00e1si helye szerint illet\u00e9kes T\u00f6rv\u00e9nysz\u00e9k. \u00b7 Az illet\u00e9kes b\u00edr\u00f3s\u00e1gok a https:\/\/birosag.hu\/birosag-kereso oldalon \u00e9rhet\u0151ek el.<\/p><p>o Az adatok kezel\u00e9s\u00e9r\u0151l sz\u00f3l\u00f3 t\u00e1j\u00e9koztat\u00f3t elolvastam, hozz\u00e1j\u00e1rulok szem\u00e9lyes adataimnak a web\u00e1ruh\u00e1zban t\u00f6rt\u00e9n\u0151 v\u00e1s\u00e1rl\u00e1s sor\u00e1n t\u00f6rt\u00e9n\u0151 kezel\u00e9s\u00e9hez.<\/p><p>o Az adatok kezel\u00e9s\u00e9r\u0151l sz\u00f3l\u00f3 t\u00e1j\u00e9koztat\u00f3t elolvastam, hozz\u00e1j\u00e1rulok szem\u00e9lyes adataimnak a nagykereskedelmi kapcsolatfelv\u00e9teli pont \u00fczemeltet\u00e9se sor\u00e1n t\u00f6rt\u00e9n\u0151 kezel\u00e9s\u00e9hez.<\/p>","protected":false},"excerpt":{"rendered":"<p>Adatv\u00e9delmi t\u00e1j\u00e9koztat\u00f3 a Szerelv\u00e9nybolt Kft www.sixbau.hu honlapj\u00e1n megval\u00f3sul\u00f3 szem\u00e9lyes adatkezel\u00e9sr\u0151l 1. A szab\u00e1lyzat c\u00e9lja: A SZERELV\u00c9NYBOLT Kereskedelmi Kft. \/6000 Kecskem\u00e9t, Cegl\u00e9di \u00fat 38.\/ Tov\u00e1bbiakban: T\u00e1rsas\u00e1g\/Adatkezel\u0151 \/, mint adatkezel\u0151, az inform\u00e1ci\u00f3s \u00f6nrendelkez\u00e9si jogr\u00f3l \u00e9s inform\u00e1ci\u00f3szabads\u00e1gr\u00f3l sz\u00f3l\u00f3 2011. \u00e9vi CXII. t\u00f6rv\u00e9nyben \/ Info tv. \/ valamint az Eur\u00f3pai Parlament \u00e9s a Tan\u00e1cs 2016\/679 rendelet\u00e9ben (\u201eGDPR\u201d) foglaltaknak megfelel\u0151en [&hellip;]<\/p>\n","protected":false},"author":1,"featured_media":0,"parent":0,"menu_order":0,"comment_status":"closed","ping_status":"closed","template":"","meta":{"footnotes":""},"class_list":["post-3","page","type-page","status-publish","hentry"],"jetpack_sharing_enabled":true,"_links":{"self":[{"href":"https:\/\/sixbau.hu\/shop\/wp-json\/wp\/v2\/pages\/3","targetHints":{"allow":["GET"]}}],"collection":[{"href":"https:\/\/sixbau.hu\/shop\/wp-json\/wp\/v2\/pages"}],"about":[{"href":"https:\/\/sixbau.hu\/shop\/wp-json\/wp\/v2\/types\/page"}],"author":[{"embeddable":true,"href":"https:\/\/sixbau.hu\/shop\/wp-json\/wp\/v2\/users\/1"}],"replies":[{"embeddable":true,"href":"https:\/\/sixbau.hu\/shop\/wp-json\/wp\/v2\/comments?post=3"}],"version-history":[{"count":5,"href":"https:\/\/sixbau.hu\/shop\/wp-json\/wp\/v2\/pages\/3\/revisions"}],"predecessor-version":[{"id":599,"href":"https:\/\/sixbau.hu\/shop\/wp-json\/wp\/v2\/pages\/3\/revisions\/599"}],"wp:attachment":[{"href":"https:\/\/sixbau.hu\/shop\/wp-json\/wp\/v2\/media?parent=3"}],"curies":[{"name":"wp","href":"https:\/\/api.w.org\/{rel}","templated":true}]}}